{"id":40,"date":"2024-03-11T14:21:08","date_gmt":"2024-03-11T13:21:08","guid":{"rendered":"http:\/\/dansear.cluster030.hosting.ovh.net\/?page_id=40"},"modified":"2025-04-17T10:13:09","modified_gmt":"2025-04-17T08:13:09","slug":"formation-equi-coaching","status":"publish","type":"page","link":"https:\/\/claudelheureux.com\/index.php\/formation-equi-coaching\/","title":{"rendered":"Formation Equi-coaching"},"content":{"rendered":"\t\t<div data-elementor-type=\"wp-page\" data-elementor-id=\"40\" class=\"elementor elementor-40\" data-elementor-settings=\"{&quot;ha_cmc_init_switcher&quot;:&quot;no&quot;}\">\n\t\t\t\t<div class=\"elementor-element elementor-element-38550bd e-con-full e-flex wpr-particle-no wpr-jarallax-no wpr-parallax-no wpr-sticky-section-no e-con e-parent\" data-id=\"38550bd\" data-element_type=\"container\" data-e-type=\"container\" data-settings=\"{&quot;background_background&quot;:&quot;classic&quot;,&quot;_ha_eqh_enable&quot;:false}\">\n\t\t\t\t<\/div>\n\t\t<div class=\"elementor-element elementor-element-0b15b99 e-flex e-con-boxed wpr-particle-no wpr-jarallax-no wpr-parallax-no wpr-sticky-section-no e-con e-parent\" data-id=\"0b15b99\" data-element_type=\"container\" data-e-type=\"container\" data-settings=\"{&quot;_ha_eqh_enable&quot;:false}\">\n\t\t\t\t\t<div class=\"e-con-inner\">\n\t\t\t\t<div class=\"elementor-element elementor-element-607a1dc elementor-widget elementor-widget-heading\" data-id=\"607a1dc\" data-element_type=\"widget\" data-e-type=\"widget\" data-widget_type=\"heading.default\">\n\t\t\t\t<div class=\"elementor-widget-container\">\n\t\t\t\t\t<h2 class=\"elementor-heading-title elementor-size-default\">Pourquoi se former \u00e0 l\u2019Equicoaching ?<\/h2>\t\t\t\t<\/div>\n\t\t\t\t<\/div>\n\t\t\t\t\t<\/div>\n\t\t\t\t<\/div>\n\t\t<div class=\"elementor-element elementor-element-dd2faa6 e-flex e-con-boxed wpr-particle-no wpr-jarallax-no wpr-parallax-no wpr-sticky-section-no e-con e-parent\" data-id=\"dd2faa6\" data-element_type=\"container\" data-e-type=\"container\" data-settings=\"{&quot;_ha_eqh_enable&quot;:false}\">\n\t\t\t\t\t<div class=\"e-con-inner\">\n\t\t\t\t<div class=\"elementor-element elementor-element-92f1399 elementor-widget-divider--view-line elementor-widget elementor-widget-divider\" data-id=\"92f1399\" data-element_type=\"widget\" data-e-type=\"widget\" data-widget_type=\"divider.default\">\n\t\t\t\t<div class=\"elementor-widget-container\">\n\t\t\t\t\t\t\t<div class=\"elementor-divider\">\n\t\t\t<span class=\"elementor-divider-separator\">\n\t\t\t\t\t\t<\/span>\n\t\t<\/div>\n\t\t\t\t\t\t<\/div>\n\t\t\t\t<\/div>\n\t\t\t\t\t<\/div>\n\t\t\t\t<\/div>\n\t\t<div class=\"elementor-element elementor-element-8b04f93 e-flex e-con-boxed wpr-particle-no wpr-jarallax-no wpr-parallax-no wpr-sticky-section-no e-con e-parent\" data-id=\"8b04f93\" data-element_type=\"container\" data-e-type=\"container\" data-settings=\"{&quot;_ha_eqh_enable&quot;:false}\">\n\t\t\t\t\t<div class=\"e-con-inner\">\n\t\t\t\t<div class=\"elementor-element elementor-element-310cae0 elementor-widget elementor-widget-text-editor\" data-id=\"310cae0\" data-element_type=\"widget\" data-e-type=\"widget\" data-widget_type=\"text-editor.default\">\n\t\t\t\t<div class=\"elementor-widget-container\">\n\t\t\t\t\t\t\t\t\t<p>Je propose une formation d\u2019equi-coaching afin de rendre cette pratique accessible \u00e0 tou.te.s. Tous les professionnels de la relation d\u2019aide peuvent en b\u00e9n\u00e9ficier pour faire \u00e9voluer leur pratique.<\/p>\t\t\t\t\t\t\t\t<\/div>\n\t\t\t\t<\/div>\n\t\t\t\t\t<\/div>\n\t\t\t\t<\/div>\n\t\t<div class=\"elementor-element elementor-element-ac89ab6 e-flex e-con-boxed wpr-particle-no wpr-jarallax-no wpr-parallax-no wpr-sticky-section-no e-con e-parent\" data-id=\"ac89ab6\" data-element_type=\"container\" data-e-type=\"container\" data-settings=\"{&quot;_ha_eqh_enable&quot;:false}\">\n\t\t\t\t\t<div class=\"e-con-inner\">\n\t\t<div class=\"elementor-element elementor-element-eb9c4e8 e-con-full e-flex wpr-particle-no wpr-jarallax-no wpr-parallax-no wpr-sticky-section-no e-con e-child\" data-id=\"eb9c4e8\" data-element_type=\"container\" data-e-type=\"container\" data-settings=\"{&quot;_ha_eqh_enable&quot;:false}\">\n\t\t\t\t<div class=\"elementor-element elementor-element-cf75346 elementor-widget elementor-widget-text-editor\" data-id=\"cf75346\" data-element_type=\"widget\" data-e-type=\"widget\" data-widget_type=\"text-editor.default\">\n\t\t\t\t<div class=\"elementor-widget-container\">\n\t\t\t\t\t\t\t\t\t<ul><li>Vous \u00eates d\u00e9j\u00e0 coach et vous souhaitez ajouter une nouvelle corde \u00e0 votre arc ?<\/li><li>Vous voulez devenir coach et avoir une sp\u00e9cialit\u00e9 ?<\/li><li>Vous souhaitez vous consacrer enti\u00e8rement \u00e0 l\u2019equi-coaching ?<\/li><\/ul><p>\u00a0<\/p><div>Cette formation est faite pour vous ! Equicoach depuis plusieurs ann\u00e9es, je l\u2019ai con\u00e7ue \u00e0 partir de mon exp\u00e9rience, des savoirs glan\u00e9s au fil du temps et du v\u00e9cu des professionnels et coach\u00e9s que j\u2019ai rencontr\u00e9s.<\/div>\t\t\t\t\t\t\t\t<\/div>\n\t\t\t\t<\/div>\n\t\t\t\t<\/div>\n\t\t<div class=\"elementor-element elementor-element-de940d3 e-con-full e-flex wpr-particle-no wpr-jarallax-no wpr-parallax-no wpr-sticky-section-no e-con e-child\" data-id=\"de940d3\" data-element_type=\"container\" data-e-type=\"container\" data-settings=\"{&quot;_ha_eqh_enable&quot;:false}\">\n\t\t\t\t<div class=\"elementor-element elementor-element-014fbda elementor-widget elementor-widget-text-editor\" data-id=\"014fbda\" data-element_type=\"widget\" data-e-type=\"widget\" data-widget_type=\"text-editor.default\">\n\t\t\t\t<div class=\"elementor-widget-container\">\n\t\t\t\t\t\t\t\t\t<p>L\u2019avantage de cette formation est qu\u2019elle vous permettra d\u2019atteindre des objectifs personnels et professionnels. Pratiquer l\u2019equi-coaching, c\u2019est d\u2019abord faire un travail sur soi. C\u2019est une rencontre de soi \u00e0 soi pour \u00e9voluer vers son objectif. Vous pourrez alors ouvrir la porte \u00e0 votre r\u00e9alisation de vie. En augmentant votre intelligence \u00e9motionnelle, votre relation d\u2019aide aux autres sera optimis\u00e9e. C\u2019est en cela que les objectifs professionnels seront remplis : la formation vous permettra de transmettre aux autres ce que vous aurez appris, au cours d\u2019un v\u00e9ritable accompagnement.<\/p>\t\t\t\t\t\t\t\t<\/div>\n\t\t\t\t<\/div>\n\t\t\t\t<\/div>\n\t\t\t\t\t<\/div>\n\t\t\t\t<\/div>\n\t\t<div class=\"elementor-element elementor-element-833d6e4 e-flex e-con-boxed wpr-particle-no wpr-jarallax-no wpr-parallax-no wpr-sticky-section-no e-con e-parent\" data-id=\"833d6e4\" data-element_type=\"container\" data-e-type=\"container\" data-settings=\"{&quot;_ha_eqh_enable&quot;:false}\">\n\t\t\t\t\t<div class=\"e-con-inner\">\n\t\t\t\t<div class=\"elementor-element elementor-element-4b4c59e elementor-widget elementor-widget-heading\" data-id=\"4b4c59e\" data-element_type=\"widget\" data-e-type=\"widget\" data-widget_type=\"heading.default\">\n\t\t\t\t<div class=\"elementor-widget-container\">\n\t\t\t\t\t<h2 class=\"elementor-heading-title elementor-size-default\">Le r\u00f4le de l\u2019equi-coach<\/h2>\t\t\t\t<\/div>\n\t\t\t\t<\/div>\n\t\t\t\t\t<\/div>\n\t\t\t\t<\/div>\n\t\t<div class=\"elementor-element elementor-element-35d0329 e-flex e-con-boxed wpr-particle-no wpr-jarallax-no wpr-parallax-no wpr-sticky-section-no e-con e-parent\" data-id=\"35d0329\" data-element_type=\"container\" data-e-type=\"container\" data-settings=\"{&quot;_ha_eqh_enable&quot;:false}\">\n\t\t\t\t\t<div class=\"e-con-inner\">\n\t\t\t\t<div class=\"elementor-element elementor-element-87f46dc elementor-widget elementor-widget-text-editor\" data-id=\"87f46dc\" data-element_type=\"widget\" data-e-type=\"widget\" data-widget_type=\"text-editor.default\">\n\t\t\t\t<div class=\"elementor-widget-container\">\n\t\t\t\t\t\t\t\t\t<p>Au cours des s\u00e9ances d\u2019<a href=\"https:\/\/claudelheureux.com\/index.php\/presentation-equi-coaching\/\">equi-coaching<\/a>, le professionnel joue le r\u00f4le d\u2019accompagnateur. Il est l\u00e0 pour guider le coach\u00e9 si besoin. En m\u00eame temps il n\u2019impose jamais. L\u2019equicoach laisse son client explorer les propositions du cheval et l\u00e0 o\u00f9 il souhaite aller. Les moments de coaching sans cheval servent \u00e0 analyser les d\u00e9couvertes qui ont \u00e9t\u00e9 faites par le coach\u00e9 et \u00e0 proposer des solutions adapt\u00e9es.<\/p>\t\t\t\t\t\t\t\t<\/div>\n\t\t\t\t<\/div>\n\t\t\t\t\t<\/div>\n\t\t\t\t<\/div>\n\t\t<div class=\"elementor-element elementor-element-4cc8793 e-flex e-con-boxed wpr-particle-no wpr-jarallax-no wpr-parallax-no wpr-sticky-section-no e-con e-parent\" data-id=\"4cc8793\" data-element_type=\"container\" data-e-type=\"container\" data-settings=\"{&quot;_ha_eqh_enable&quot;:false}\">\n\t\t\t\t\t<div class=\"e-con-inner\">\n\t\t\t\t<div class=\"elementor-element elementor-element-5aef180 elementor-widget elementor-widget-heading\" data-id=\"5aef180\" data-element_type=\"widget\" data-e-type=\"widget\" data-widget_type=\"heading.default\">\n\t\t\t\t<div class=\"elementor-widget-container\">\n\t\t\t\t\t<h2 class=\"elementor-heading-title elementor-size-default\">Comment devenir Equi-Coach ?<\/h2>\t\t\t\t<\/div>\n\t\t\t\t<\/div>\n\t\t\t\t\t<\/div>\n\t\t\t\t<\/div>\n\t\t<div class=\"elementor-element elementor-element-f15b2f8 e-flex e-con-boxed wpr-particle-no wpr-jarallax-no wpr-parallax-no wpr-sticky-section-no e-con e-parent\" data-id=\"f15b2f8\" data-element_type=\"container\" data-e-type=\"container\" data-settings=\"{&quot;background_background&quot;:&quot;slideshow&quot;,&quot;background_slideshow_gallery&quot;:[{&quot;id&quot;:168,&quot;url&quot;:&quot;http:\\\/\\\/claudelheureux.com\\\/wp-content\\\/uploads\\\/2024\\\/03\\\/groupe.jpg&quot;},{&quot;id&quot;:166,&quot;url&quot;:&quot;http:\\\/\\\/claudelheureux.com\\\/wp-content\\\/uploads\\\/2024\\\/03\\\/yeuxbandes.jpg&quot;},{&quot;id&quot;:301,&quot;url&quot;:&quot;http:\\\/\\\/claudelheureux.com\\\/wp-content\\\/uploads\\\/2024\\\/03\\\/slide-coaching-1.jpg&quot;}],&quot;background_slideshow_loop&quot;:&quot;yes&quot;,&quot;background_slideshow_slide_duration&quot;:5000,&quot;background_slideshow_slide_transition&quot;:&quot;fade&quot;,&quot;background_slideshow_transition_duration&quot;:500,&quot;_ha_eqh_enable&quot;:false}\">\n\t\t\t\t\t<div class=\"e-con-inner\">\n\t\t\t\t\t<\/div>\n\t\t\t\t<\/div>\n\t\t<div class=\"elementor-element elementor-element-5f5ba2b e-flex e-con-boxed wpr-particle-no wpr-jarallax-no wpr-parallax-no wpr-sticky-section-no e-con e-parent\" data-id=\"5f5ba2b\" data-element_type=\"container\" data-e-type=\"container\" data-settings=\"{&quot;_ha_eqh_enable&quot;:false}\">\n\t\t\t\t\t<div class=\"e-con-inner\">\n\t\t\t\t<div class=\"elementor-element elementor-element-a539d0b elementor-widget elementor-widget-text-editor\" data-id=\"a539d0b\" data-element_type=\"widget\" data-e-type=\"widget\" data-widget_type=\"text-editor.default\">\n\t\t\t\t<div class=\"elementor-widget-container\">\n\t\t\t\t\t\t\t\t\t<p>Pour devenir equi-coach, je vous propose une formation compl\u00e8te en trois modules. Vous apprendrez tout de la relation avec le cheval. En voyant comment il peut vous aider, vous apprendrez \u00e0 guider les autres pour qu\u2019ils puissent b\u00e9n\u00e9ficier de cette exp\u00e9rience r\u00e9v\u00e9latrice. La formation porte aussi sur le coaching sans cheval pour vous permettre d\u2019accompagner vos futurs clients dans une relation d\u2019aide compl\u00e8te.<\/p>\t\t\t\t\t\t\t\t<\/div>\n\t\t\t\t<\/div>\n\t\t\t\t\t<\/div>\n\t\t\t\t<\/div>\n\t\t<div class=\"elementor-element elementor-element-0c6cdd5 e-con-full e-flex wpr-particle-no wpr-jarallax-no wpr-parallax-no wpr-sticky-section-no e-con e-parent\" data-id=\"0c6cdd5\" data-element_type=\"container\" data-e-type=\"container\" data-settings=\"{&quot;_ha_eqh_enable&quot;:false}\">\n\t\t<div class=\"elementor-element elementor-element-7299310 e-con-full e-flex wpr-particle-no wpr-jarallax-no wpr-parallax-no wpr-sticky-section-no e-con e-child\" data-id=\"7299310\" data-element_type=\"container\" data-e-type=\"container\" data-settings=\"{&quot;_ha_eqh_enable&quot;:false}\">\n\t\t\t\t<div class=\"elementor-element elementor-element-17fd44d elementor-widget elementor-widget-heading\" data-id=\"17fd44d\" data-element_type=\"widget\" data-e-type=\"widget\" data-widget_type=\"heading.default\">\n\t\t\t\t<div class=\"elementor-widget-container\">\n\t\t\t\t\t<h2 class=\"elementor-heading-title elementor-size-default\">Objectifs de la formation :\n<\/h2>\t\t\t\t<\/div>\n\t\t\t\t<\/div>\n\t\t\t\t<div class=\"elementor-element elementor-element-6ec1eab elementor-widget elementor-widget-spacer\" data-id=\"6ec1eab\" data-element_type=\"widget\" data-e-type=\"widget\" data-widget_type=\"spacer.default\">\n\t\t\t\t<div class=\"elementor-widget-container\">\n\t\t\t\t\t\t\t<div class=\"elementor-spacer\">\n\t\t\t<div class=\"elementor-spacer-inner\"><\/div>\n\t\t<\/div>\n\t\t\t\t\t\t<\/div>\n\t\t\t\t<\/div>\n\t\t\t\t<div class=\"elementor-element elementor-element-35028fd elementor-widget-divider--view-line elementor-widget elementor-widget-divider\" data-id=\"35028fd\" data-element_type=\"widget\" data-e-type=\"widget\" data-widget_type=\"divider.default\">\n\t\t\t\t<div class=\"elementor-widget-container\">\n\t\t\t\t\t\t\t<div class=\"elementor-divider\">\n\t\t\t<span class=\"elementor-divider-separator\">\n\t\t\t\t\t\t<\/span>\n\t\t<\/div>\n\t\t\t\t\t\t<\/div>\n\t\t\t\t<\/div>\n\t\t\t\t<div class=\"elementor-element elementor-element-ec66463 elementor-widget elementor-widget-text-editor\" data-id=\"ec66463\" data-element_type=\"widget\" data-e-type=\"widget\" data-widget_type=\"text-editor.default\">\n\t\t\t\t<div class=\"elementor-widget-container\">\n\t\t\t\t\t\t\t\t\t<ul><li>Savoir interagir avec les chevaux.<\/li><li>Prendre conscience des signaux non verbaux dans l\u2019instant.<\/li><li>Savoir utiliser son intuition.<\/li><li>Elever son empathie.<\/li><li>Savoir coacher, accompagner avec douceur, d\u00e9termination et int\u00e9grit\u00e9<\/li><\/ul>\t\t\t\t\t\t\t\t<\/div>\n\t\t\t\t<\/div>\n\t\t\t\t<\/div>\n\t\t<div class=\"elementor-element elementor-element-1290aac e-con-full e-flex wpr-particle-no wpr-jarallax-no wpr-parallax-no wpr-sticky-section-no e-con e-child\" data-id=\"1290aac\" data-element_type=\"container\" data-e-type=\"container\" data-settings=\"{&quot;_ha_eqh_enable&quot;:false}\">\n\t\t\t\t<div class=\"elementor-element elementor-element-d6ac10d elementor-widget elementor-widget-heading\" data-id=\"d6ac10d\" data-element_type=\"widget\" data-e-type=\"widget\" data-widget_type=\"heading.default\">\n\t\t\t\t<div class=\"elementor-widget-container\">\n\t\t\t\t\t<h2 class=\"elementor-heading-title elementor-size-default\">Objectifs de communication :<\/h2>\t\t\t\t<\/div>\n\t\t\t\t<\/div>\n\t\t\t\t<div class=\"elementor-element elementor-element-7743d94 elementor-widget elementor-widget-spacer\" data-id=\"7743d94\" data-element_type=\"widget\" data-e-type=\"widget\" data-widget_type=\"spacer.default\">\n\t\t\t\t<div class=\"elementor-widget-container\">\n\t\t\t\t\t\t\t<div class=\"elementor-spacer\">\n\t\t\t<div class=\"elementor-spacer-inner\"><\/div>\n\t\t<\/div>\n\t\t\t\t\t\t<\/div>\n\t\t\t\t<\/div>\n\t\t\t\t<div class=\"elementor-element elementor-element-faf217c elementor-widget-divider--view-line elementor-widget elementor-widget-divider\" data-id=\"faf217c\" data-element_type=\"widget\" data-e-type=\"widget\" data-widget_type=\"divider.default\">\n\t\t\t\t<div class=\"elementor-widget-container\">\n\t\t\t\t\t\t\t<div class=\"elementor-divider\">\n\t\t\t<span class=\"elementor-divider-separator\">\n\t\t\t\t\t\t<\/span>\n\t\t<\/div>\n\t\t\t\t\t\t<\/div>\n\t\t\t\t<\/div>\n\t\t\t\t<div class=\"elementor-element elementor-element-ac34263 elementor-widget elementor-widget-text-editor\" data-id=\"ac34263\" data-element_type=\"widget\" data-e-type=\"widget\" data-widget_type=\"text-editor.default\">\n\t\t\t\t<div class=\"elementor-widget-container\">\n\t\t\t\t\t\t\t\t\t<ul><li>D\u00e9crypter la communication non verbale : la v\u00f4tre, celle d\u2019une autre personne, celle du cheval.<\/li><li>D\u00e9velopper la performance, la confiance en soi, l\u2019assurance dans ses comportements.<\/li><li>(Se) recadrer par rapport aux v\u00e9ritables objectifs.<\/li><li>Accompagner le processus de Prises de conscience.<\/li><\/ul>\t\t\t\t\t\t\t\t<\/div>\n\t\t\t\t<\/div>\n\t\t\t\t<\/div>\n\t\t<div class=\"elementor-element elementor-element-db17114 e-con-full e-flex wpr-particle-no wpr-jarallax-no wpr-parallax-no wpr-sticky-section-no e-con e-child\" data-id=\"db17114\" data-element_type=\"container\" data-e-type=\"container\" data-settings=\"{&quot;_ha_eqh_enable&quot;:false}\">\n\t\t\t\t<div class=\"elementor-element elementor-element-2779e25 elementor-widget elementor-widget-heading\" data-id=\"2779e25\" data-element_type=\"widget\" data-e-type=\"widget\" data-widget_type=\"heading.default\">\n\t\t\t\t<div class=\"elementor-widget-container\">\n\t\t\t\t\t<h2 class=\"elementor-heading-title elementor-size-default\">Objectifs de d\u00e9veloppement personnel :<\/h2>\t\t\t\t<\/div>\n\t\t\t\t<\/div>\n\t\t\t\t<div class=\"elementor-element elementor-element-37ded9d elementor-widget-divider--view-line elementor-widget elementor-widget-divider\" data-id=\"37ded9d\" data-element_type=\"widget\" data-e-type=\"widget\" data-widget_type=\"divider.default\">\n\t\t\t\t<div class=\"elementor-widget-container\">\n\t\t\t\t\t\t\t<div class=\"elementor-divider\">\n\t\t\t<span class=\"elementor-divider-separator\">\n\t\t\t\t\t\t<\/span>\n\t\t<\/div>\n\t\t\t\t\t\t<\/div>\n\t\t\t\t<\/div>\n\t\t\t\t<div class=\"elementor-element elementor-element-13eb6b8 elementor-widget elementor-widget-text-editor\" data-id=\"13eb6b8\" data-element_type=\"widget\" data-e-type=\"widget\" data-widget_type=\"text-editor.default\">\n\t\t\t\t<div class=\"elementor-widget-container\">\n\t\t\t\t\t\t\t\t\t<ul><li>Apprendre \u00e0 vous conna\u00eetre, \u00e0 conna\u00eetre la nature humaine.<\/li><li>D\u00e9couvrir vos v\u00e9ritables capacit\u00e9s et dons personnels.<\/li><li>Utiliser votre potentiel et r\u00e9v\u00e9ler celui des autres.<\/li><\/ul>\t\t\t\t\t\t\t\t<\/div>\n\t\t\t\t<\/div>\n\t\t\t\t<\/div>\n\t\t\t\t<\/div>\n\t\t<div class=\"elementor-element elementor-element-9e5cbc0 e-flex e-con-boxed wpr-particle-no wpr-jarallax-no wpr-parallax-no wpr-sticky-section-no e-con e-parent\" data-id=\"9e5cbc0\" data-element_type=\"container\" data-e-type=\"container\" data-settings=\"{&quot;_ha_eqh_enable&quot;:false}\">\n\t\t\t\t\t<div class=\"e-con-inner\">\n\t\t\t\t<div class=\"elementor-element elementor-element-4a39428 elementor-widget elementor-widget-heading\" data-id=\"4a39428\" data-element_type=\"widget\" data-e-type=\"widget\" data-widget_type=\"heading.default\">\n\t\t\t\t<div class=\"elementor-widget-container\">\n\t\t\t\t\t<h2 class=\"elementor-heading-title elementor-size-default\">R\u00e9sultats de la formation :<\/h2>\t\t\t\t<\/div>\n\t\t\t\t<\/div>\n\t\t\t\t<div class=\"elementor-element elementor-element-8696164 elementor-widget elementor-widget-text-editor\" data-id=\"8696164\" data-element_type=\"widget\" data-e-type=\"widget\" data-widget_type=\"text-editor.default\">\n\t\t\t\t<div class=\"elementor-widget-container\">\n\t\t\t\t\t\t\t\t\t<p>A la suite de ces 3 Modules, vous ne serez plus tout \u00e0 fait le (la) m\u00eame. Gr\u00e2ce aux \u00e9changes privil\u00e9gi\u00e9s v\u00e9cus avec le cheval et avec le coach, vous serez capable d\u2019exercer ce nouveau m\u00e9tier plein d\u2019avenir qu\u2019est l\u2019<a href=\"https:\/\/claudelheureux.com\/index.php\/presentation-equi-coaching\/\">Equi-Coaching<\/a>. Votre \u00catre ainsi que votre passion seront le centre de votre projet de Vie.<\/p>\t\t\t\t\t\t\t\t<\/div>\n\t\t\t\t<\/div>\n\t\t\t\t\t<\/div>\n\t\t\t\t<\/div>\n\t\t<div class=\"elementor-element elementor-element-cbcf3bf e-flex e-con-boxed wpr-particle-no wpr-jarallax-no wpr-parallax-no wpr-sticky-section-no e-con e-parent\" data-id=\"cbcf3bf\" data-element_type=\"container\" data-e-type=\"container\" data-settings=\"{&quot;_ha_eqh_enable&quot;:false}\">\n\t\t\t\t\t<div class=\"e-con-inner\">\n\t\t<div class=\"elementor-element elementor-element-8348942 e-con-full e-flex wpr-particle-no wpr-jarallax-no wpr-parallax-no wpr-sticky-section-no e-con e-child\" data-id=\"8348942\" data-element_type=\"container\" data-e-type=\"container\" data-settings=\"{&quot;_ha_eqh_enable&quot;:false}\">\n\t\t\t\t<div class=\"elementor-element elementor-element-0678da9 elementor-widget elementor-widget-heading\" data-id=\"0678da9\" data-element_type=\"widget\" data-e-type=\"widget\" data-widget_type=\"heading.default\">\n\t\t\t\t<div class=\"elementor-widget-container\">\n\t\t\t\t\t<h2 class=\"elementor-heading-title elementor-size-default\">A l\u2019issue de la formation :<\/h2>\t\t\t\t<\/div>\n\t\t\t\t<\/div>\n\t\t\t\t<div class=\"elementor-element elementor-element-b3f198a elementor-widget-divider--view-line elementor-widget elementor-widget-divider\" data-id=\"b3f198a\" data-element_type=\"widget\" data-e-type=\"widget\" data-widget_type=\"divider.default\">\n\t\t\t\t<div class=\"elementor-widget-container\">\n\t\t\t\t\t\t\t<div class=\"elementor-divider\">\n\t\t\t<span class=\"elementor-divider-separator\">\n\t\t\t\t\t\t<\/span>\n\t\t<\/div>\n\t\t\t\t\t\t<\/div>\n\t\t\t\t<\/div>\n\t\t\t\t<div class=\"elementor-element elementor-element-9ca6e39 elementor-widget elementor-widget-text-editor\" data-id=\"9ca6e39\" data-element_type=\"widget\" data-e-type=\"widget\" data-widget_type=\"text-editor.default\">\n\t\t\t\t<div class=\"elementor-widget-container\">\n\t\t\t\t\t\t\t\t\t<ul><li>Vous aurez pris conscience de vos dimensions et valeurs fondamentales.<\/li><li>Vous serez un Coach professionnel et averti, conscient, empathique avec vous et dans l\u2019accompagnement des autres.<\/li><\/ul>\t\t\t\t\t\t\t\t<\/div>\n\t\t\t\t<\/div>\n\t\t\t\t<\/div>\n\t\t<div class=\"elementor-element elementor-element-81a3fd5 e-con-full e-flex wpr-particle-no wpr-jarallax-no wpr-parallax-no wpr-sticky-section-no e-con e-child\" data-id=\"81a3fd5\" data-element_type=\"container\" data-e-type=\"container\" data-settings=\"{&quot;_ha_eqh_enable&quot;:false}\">\n\t\t\t\t<div class=\"elementor-element elementor-element-2b78ca6 elementor-widget elementor-widget-heading\" data-id=\"2b78ca6\" data-element_type=\"widget\" data-e-type=\"widget\" data-widget_type=\"heading.default\">\n\t\t\t\t<div class=\"elementor-widget-container\">\n\t\t\t\t\t<h2 class=\"elementor-heading-title elementor-size-default\">En tant que Coach :<\/h2>\t\t\t\t<\/div>\n\t\t\t\t<\/div>\n\t\t\t\t<div class=\"elementor-element elementor-element-6027e6a elementor-widget-divider--view-line elementor-widget elementor-widget-divider\" data-id=\"6027e6a\" data-element_type=\"widget\" data-e-type=\"widget\" data-widget_type=\"divider.default\">\n\t\t\t\t<div class=\"elementor-widget-container\">\n\t\t\t\t\t\t\t<div class=\"elementor-divider\">\n\t\t\t<span class=\"elementor-divider-separator\">\n\t\t\t\t\t\t<\/span>\n\t\t<\/div>\n\t\t\t\t\t\t<\/div>\n\t\t\t\t<\/div>\n\t\t\t\t<div class=\"elementor-element elementor-element-cad5a36 elementor-widget elementor-widget-text-editor\" data-id=\"cad5a36\" data-element_type=\"widget\" data-e-type=\"widget\" data-widget_type=\"text-editor.default\">\n\t\t\t\t<div class=\"elementor-widget-container\">\n\t\t\t\t\t\t\t\t\t<ul><li>Vous aurez d\u00e9velopp\u00e9 l\u2019\u00e9coute, la confiance en vous et en vos capacit\u00e9s.<\/li><li>Notamment vos capacit\u00e9s \u00e0 coacher, encourager, accompagner, g\u00e9rer les difficult\u00e9s ou \u00e9motions des autres, motiver.<\/li><\/ul>\t\t\t\t\t\t\t\t<\/div>\n\t\t\t\t<\/div>\n\t\t\t\t<\/div>\n\t\t<div class=\"elementor-element elementor-element-9a4b0a6 e-con-full e-flex wpr-particle-no wpr-jarallax-no wpr-parallax-no wpr-sticky-section-no e-con e-child\" data-id=\"9a4b0a6\" data-element_type=\"container\" data-e-type=\"container\" data-settings=\"{&quot;_ha_eqh_enable&quot;:false}\">\n\t\t\t\t<div class=\"elementor-element elementor-element-caf37d3 elementor-widget elementor-widget-heading\" data-id=\"caf37d3\" data-element_type=\"widget\" data-e-type=\"widget\" data-widget_type=\"heading.default\">\n\t\t\t\t<div class=\"elementor-widget-container\">\n\t\t\t\t\t<h2 class=\"elementor-heading-title elementor-size-default\">Vis-\u00e0-vis de vous-m\u00eame :\n<\/h2>\t\t\t\t<\/div>\n\t\t\t\t<\/div>\n\t\t\t\t<div class=\"elementor-element elementor-element-231718e elementor-widget-divider--view-line elementor-widget elementor-widget-divider\" data-id=\"231718e\" data-element_type=\"widget\" data-e-type=\"widget\" data-widget_type=\"divider.default\">\n\t\t\t\t<div class=\"elementor-widget-container\">\n\t\t\t\t\t\t\t<div class=\"elementor-divider\">\n\t\t\t<span class=\"elementor-divider-separator\">\n\t\t\t\t\t\t<\/span>\n\t\t<\/div>\n\t\t\t\t\t\t<\/div>\n\t\t\t\t<\/div>\n\t\t\t\t<div class=\"elementor-element elementor-element-1ae7c3e elementor-widget elementor-widget-text-editor\" data-id=\"1ae7c3e\" data-element_type=\"widget\" data-e-type=\"widget\" data-widget_type=\"text-editor.default\">\n\t\t\t\t<div class=\"elementor-widget-container\">\n\t\t\t\t\t\t\t\t\t<p>Cette formation sera l\u2019occasion de d\u00e9couvrir votre fa\u00e7on d\u2019interagir avec les autres, Faire de vos peurs vos amies, d\u00e9passer un obstacle, se connecter \u00e0 vos ressentis et vos intuitions, exp\u00e9rimenter votre pouvoir personnel.<\/p>\t\t\t\t\t\t\t\t<\/div>\n\t\t\t\t<\/div>\n\t\t\t\t<\/div>\n\t\t\t\t\t<\/div>\n\t\t\t\t<\/div>\n\t\t<div class=\"elementor-element elementor-element-68bbdfc e-flex e-con-boxed wpr-particle-no wpr-jarallax-no wpr-parallax-no wpr-sticky-section-no e-con e-parent\" data-id=\"68bbdfc\" data-element_type=\"container\" data-e-type=\"container\" data-settings=\"{&quot;_ha_eqh_enable&quot;:false}\">\n\t\t\t\t\t<div class=\"e-con-inner\">\n\t\t<div class=\"elementor-element elementor-element-1597a9e e-con-full e-flex wpr-particle-no wpr-jarallax-no wpr-parallax-no wpr-sticky-section-no e-con e-child\" data-id=\"1597a9e\" data-element_type=\"container\" data-e-type=\"container\" data-settings=\"{&quot;_ha_eqh_enable&quot;:false}\">\n\t\t\t\t<div class=\"elementor-element elementor-element-fe97570 elementor-widget elementor-widget-heading\" data-id=\"fe97570\" data-element_type=\"widget\" data-e-type=\"widget\" data-widget_type=\"heading.default\">\n\t\t\t\t<div class=\"elementor-widget-container\">\n\t\t\t\t\t<h2 class=\"elementor-heading-title elementor-size-default\">O\u00f9 se passe la formation d\u2019Equicoaching ?<\/h2>\t\t\t\t<\/div>\n\t\t\t\t<\/div>\n\t\t\t\t<div class=\"elementor-element elementor-element-4332455 elementor-widget-divider--view-line elementor-widget elementor-widget-divider\" data-id=\"4332455\" data-element_type=\"widget\" data-e-type=\"widget\" data-widget_type=\"divider.default\">\n\t\t\t\t<div class=\"elementor-widget-container\">\n\t\t\t\t\t\t\t<div class=\"elementor-divider\">\n\t\t\t<span class=\"elementor-divider-separator\">\n\t\t\t\t\t\t<\/span>\n\t\t<\/div>\n\t\t\t\t\t\t<\/div>\n\t\t\t\t<\/div>\n\t\t\t\t<div class=\"elementor-element elementor-element-d355f0d elementor-widget elementor-widget-text-editor\" data-id=\"d355f0d\" data-element_type=\"widget\" data-e-type=\"widget\" data-widget_type=\"text-editor.default\">\n\t\t\t\t<div class=\"elementor-widget-container\">\n\t\t\t\t\t\t\t\t\t<div class=\"wpb_text_column wpb_content_element \"><div class=\"wpb_wrapper\"><p>La formation equi-coaching est disponible en :<\/p><ul><li>24 (Dordogne)<\/li><\/ul><\/div><\/div><div class=\"wpb_text_column wpb_content_element \"><div class=\"wpb_wrapper\"><p>Les formations se d\u00e9roulent toujours dans un endroit o\u00f9 la s\u00e9curit\u00e9 des clients et des chevaux est respect\u00e9e. A savoir des centres \u00e9questres ou des fermes \u00e9questres ayant l\u2019\u00e9quipement n\u00e9cessaire.<\/p><\/div><\/div>\t\t\t\t\t\t\t\t<\/div>\n\t\t\t\t<\/div>\n\t\t\t\t<\/div>\n\t\t<div class=\"elementor-element elementor-element-f05520e e-con-full e-flex wpr-particle-no wpr-jarallax-no wpr-parallax-no wpr-sticky-section-no e-con e-child\" data-id=\"f05520e\" data-element_type=\"container\" data-e-type=\"container\" data-settings=\"{&quot;_ha_eqh_enable&quot;:false}\">\n\t\t\t\t<div class=\"elementor-element elementor-element-3876214 elementor-widget elementor-widget-heading\" data-id=\"3876214\" data-element_type=\"widget\" data-e-type=\"widget\" data-widget_type=\"heading.default\">\n\t\t\t\t<div class=\"elementor-widget-container\">\n\t\t\t\t\t<h2 class=\"elementor-heading-title elementor-size-default\">Combien co\u00fbte la formation en Equicoaching ?<\/h2>\t\t\t\t<\/div>\n\t\t\t\t<\/div>\n\t\t\t\t<div class=\"elementor-element elementor-element-7ebf2b6 elementor-widget-divider--view-line elementor-widget elementor-widget-divider\" data-id=\"7ebf2b6\" data-element_type=\"widget\" data-e-type=\"widget\" data-widget_type=\"divider.default\">\n\t\t\t\t<div class=\"elementor-widget-container\">\n\t\t\t\t\t\t\t<div class=\"elementor-divider\">\n\t\t\t<span class=\"elementor-divider-separator\">\n\t\t\t\t\t\t<\/span>\n\t\t<\/div>\n\t\t\t\t\t\t<\/div>\n\t\t\t\t<\/div>\n\t\t\t\t<div class=\"elementor-element elementor-element-50a1da2 elementor-widget elementor-widget-text-editor\" data-id=\"50a1da2\" data-element_type=\"widget\" data-e-type=\"widget\" data-widget_type=\"text-editor.default\">\n\t\t\t\t<div class=\"elementor-widget-container\">\n\t\t\t\t\t\t\t\t\t<div class=\"wpb_text_column wpb_content_element \"><div class=\"wpb_wrapper\"><p>Je vous propose deux formules pour cette formation d\u2019equi-coaching :<\/p><ul><li>3 modules de 5 jours<\/li><li>5 modules de 3 jours.<\/li><\/ul><\/div><\/div><div class=\"wpb_text_column wpb_content_element \"><div class=\"wpb_wrapper\"><p>Le tarif est de <strong>2900\u20ac<\/strong> par module et par personne.<\/p><\/div><\/div><div class=\"wpb_text_column wpb_content_element \"><div class=\"wpb_wrapper\"><p>Vous vous demandez encore si l\u2019equi-coaching est fait pour vous ? N\u2019h\u00e9sitez pas \u00e0 prendre contact pour que nous discutions de vos objectifs professionnels et personnels.<\/p><\/div><\/div><div class=\"wpb_text_column wpb_content_element \"><div class=\"wpb_wrapper\"><p>Aussi, pour se former, l\u2019argent doit \u00eatre une motivation et non un frein. Si c\u2019est cela qui vous bloque, merci de me contacter pour que nous en discutions.<\/p><\/div><\/div>\t\t\t\t\t\t\t\t<\/div>\n\t\t\t\t<\/div>\n\t\t\t\t<\/div>\n\t\t\t\t\t<\/div>\n\t\t\t\t<\/div>\n\t\t<div class=\"elementor-element elementor-element-97e38d8 e-flex e-con-boxed wpr-particle-no wpr-jarallax-no wpr-parallax-no wpr-sticky-section-no e-con e-parent\" data-id=\"97e38d8\" data-element_type=\"container\" data-e-type=\"container\" data-settings=\"{&quot;background_background&quot;:&quot;classic&quot;,&quot;_ha_eqh_enable&quot;:false}\">\n\t\t\t\t\t<div class=\"e-con-inner\">\n\t\t<div class=\"elementor-element elementor-element-32aee1a e-flex e-con-boxed wpr-particle-no wpr-jarallax-no wpr-parallax-no wpr-sticky-section-no e-con e-child\" data-id=\"32aee1a\" data-element_type=\"container\" data-e-type=\"container\" data-settings=\"{&quot;_ha_eqh_enable&quot;:false}\">\n\t\t\t\t\t<div class=\"e-con-inner\">\n\t\t\t\t<div class=\"elementor-element elementor-element-5ac4e36 ha-has-bg-overlay elementor-widget elementor-widget-text-editor\" data-id=\"5ac4e36\" data-element_type=\"widget\" data-e-type=\"widget\" data-widget_type=\"text-editor.default\">\n\t\t\t\t<div class=\"elementor-widget-container\">\n\t\t\t\t\t\t\t\t\t<div class=\"wpb_text_column wpb_content_element \"><div class=\"wpb_wrapper\"><p>Pour en savoir plus sur les formations en \u00e9qui-coaching, contactez Claude via le formulaire ci-dessous :\u00a0<br \/>Fermes \u00e9questres ayant l\u2019\u00e9quipement n\u00e9cessaire.<\/p><\/div><\/div>\t\t\t\t\t\t\t\t<\/div>\n\t\t\t\t<\/div>\n\t\t\t\t<div class=\"elementor-element elementor-element-9f71d1e elementor-widget elementor-widget-wpforms\" data-id=\"9f71d1e\" data-element_type=\"widget\" data-e-type=\"widget\" data-widget_type=\"wpforms.default\">\n\t\t\t\t<div class=\"elementor-widget-container\">\n\t\t\t\t\t<div class=\"wpforms-container wpforms-container-full wpforms-render-modern\" id=\"wpforms-199\"><form id=\"wpforms-form-199\" class=\"wpforms-validate wpforms-form wpforms-ajax-form\" data-formid=\"199\" method=\"post\" enctype=\"multipart\/form-data\" action=\"\/index.php\/wp-json\/wp\/v2\/pages\/40\" data-token=\"74be9224699bbfde060a51eb858c7b1c\" data-token-time=\"1777516452\"><noscript class=\"wpforms-error-noscript\">Veuillez activer JavaScript dans votre navigateur pour remplir ce formulaire.<\/noscript><div id=\"wpforms-error-noscript\" style=\"display: none;\">Veuillez activer JavaScript dans votre navigateur pour remplir ce formulaire.<\/div><div class=\"wpforms-field-container\"><div id=\"wpforms-199-field_0-container\" class=\"wpforms-field wpforms-field-name\" data-field-id=\"0\"><fieldset><legend class=\"wpforms-field-label\">Nom <span class=\"wpforms-required-label\" aria-hidden=\"true\">*<\/span><\/legend><div class=\"wpforms-field-row wpforms-field-medium\"><div class=\"wpforms-field-row-block wpforms-first wpforms-one-half\"><input type=\"text\" id=\"wpforms-199-field_0\" class=\"wpforms-field-name-first wpforms-field-required\" name=\"wpforms[fields][0][first]\" aria-errormessage=\"wpforms-199-field_0-error\" required><label for=\"wpforms-199-field_0\" class=\"wpforms-field-sublabel after\">Pr\u00e9nom<\/label><\/div><div class=\"wpforms-field-row-block wpforms-one-half\"><input type=\"text\" id=\"wpforms-199-field_0-last\" class=\"wpforms-field-name-last wpforms-field-required\" name=\"wpforms[fields][0][last]\" aria-errormessage=\"wpforms-199-field_0-last-error\" required><label for=\"wpforms-199-field_0-last\" class=\"wpforms-field-sublabel after\">Nom<\/label><\/div><\/div><\/fieldset><\/div><div id=\"wpforms-199-field_1-container\" class=\"wpforms-field wpforms-field-email\" data-field-id=\"1\"><label class=\"wpforms-field-label\" for=\"wpforms-199-field_1\">E-mail <span class=\"wpforms-required-label\" aria-hidden=\"true\">*<\/span><\/label><input type=\"email\" id=\"wpforms-199-field_1\" class=\"wpforms-field-medium wpforms-field-required\" name=\"wpforms[fields][1]\" spellcheck=\"false\" aria-errormessage=\"wpforms-199-field_1-error\" required><\/div><div id=\"wpforms-199-field_2-container\" class=\"wpforms-field wpforms-field-textarea\" data-field-id=\"2\"><label class=\"wpforms-field-label\" for=\"wpforms-199-field_2\"> message<\/label><textarea id=\"wpforms-199-field_2\" class=\"wpforms-field-medium\" name=\"wpforms[fields][2]\" aria-errormessage=\"wpforms-199-field_2-error\" ><\/textarea><\/div><\/div><!-- .wpforms-field-container --><div class=\"wpforms-recaptcha-container wpforms-is-recaptcha wpforms-is-recaptcha-type-v3\" ><input type=\"hidden\" name=\"wpforms[recaptcha]\" value=\"\"><\/div><div class=\"wpforms-submit-container\" ><input type=\"hidden\" name=\"wpforms[id]\" value=\"199\"><input type=\"hidden\" name=\"page_title\" value=\"\"><input type=\"hidden\" name=\"page_url\" value=\"https:\/\/claudelheureux.com\/index.php\/wp-json\/wp\/v2\/pages\/40\"><input type=\"hidden\" name=\"url_referer\" value=\"\"><button type=\"submit\" name=\"wpforms[submit]\" id=\"wpforms-submit-199\" class=\"wpforms-submit\" data-alt-text=\"Envoi...\" data-submit-text=\"Envoyer\" aria-live=\"assertive\" value=\"wpforms-submit\">Envoyer<\/button><img decoding=\"async\" src=\"https:\/\/claudelheureux.com\/wp-content\/plugins\/wpforms-lite\/assets\/images\/submit-spin.svg\" class=\"wpforms-submit-spinner\" style=\"display: none;\" width=\"26\" height=\"26\" alt=\"Chargement en cours\"><\/div><\/form><\/div>  <!-- .wpforms-container -->\t\t\t\t<\/div>\n\t\t\t\t<\/div>\n\t\t\t\t\t<\/div>\n\t\t\t\t<\/div>\n\t\t\t\t\t<\/div>\n\t\t\t\t<\/div>\n\t\t\t\t<\/div>\n\t\t","protected":false},"excerpt":{"rendered":"<p>Pourquoi se former \u00e0 l\u2019Equicoaching ? Je propose une formation d\u2019equi-coaching afin de rendre cette pratique accessible \u00e0 tou.te.s. Tous les professionnels de la relation d\u2019aide peuvent en b\u00e9n\u00e9ficier pour faire \u00e9voluer leur pratique. Vous \u00eates d\u00e9j\u00e0 coach et vous souhaitez ajouter une nouvelle corde \u00e0 votre arc ? Vous voulez devenir coach et avoir une sp\u00e9cialit\u00e9 ? Vous souhaitez vous consacrer enti\u00e8rement \u00e0 l\u2019equi-coaching ? \u00a0 Cette formation est faite pour vous ! Equicoach depuis plusieurs ann\u00e9es, je l\u2019ai con\u00e7ue \u00e0 partir de mon exp\u00e9rience, des savoirs glan\u00e9s au fil du temps et du v\u00e9cu des professionnels et coach\u00e9s que j\u2019ai rencontr\u00e9s. L\u2019avantage de cette formation est qu\u2019elle vous permettra d\u2019atteindre des objectifs personnels et professionnels. Pratiquer l\u2019equi-coaching, c\u2019est d\u2019abord faire un travail sur soi. C\u2019est une rencontre de soi \u00e0 soi pour \u00e9voluer vers son objectif. Vous pourrez alors ouvrir la porte \u00e0 votre r\u00e9alisation de vie. En augmentant votre intelligence \u00e9motionnelle, votre relation d\u2019aide aux autres sera optimis\u00e9e. C\u2019est en cela que les objectifs professionnels seront remplis : la formation vous permettra de transmettre aux autres ce que vous aurez appris, au cours d\u2019un v\u00e9ritable accompagnement. Le r\u00f4le de l\u2019equi-coach Au cours des s\u00e9ances d\u2019equi-coaching, le professionnel joue le r\u00f4le d\u2019accompagnateur. Il est l\u00e0 pour guider le coach\u00e9 si besoin. En m\u00eame temps il n\u2019impose jamais. L\u2019equicoach laisse son client explorer les propositions du cheval et l\u00e0 o\u00f9 il souhaite aller. Les moments de coaching sans cheval servent \u00e0 analyser les d\u00e9couvertes qui ont \u00e9t\u00e9 faites par le coach\u00e9 et \u00e0 proposer des solutions adapt\u00e9es. Comment devenir Equi-Coach ? Pour devenir equi-coach, je vous propose une formation compl\u00e8te en trois modules. Vous apprendrez tout de la relation avec le cheval. En voyant comment il peut vous aider, vous apprendrez \u00e0 guider les autres pour qu\u2019ils puissent b\u00e9n\u00e9ficier de cette exp\u00e9rience r\u00e9v\u00e9latrice. La formation porte aussi sur le coaching sans cheval pour vous permettre d\u2019accompagner vos futurs clients dans une relation d\u2019aide compl\u00e8te. Objectifs de la formation : Savoir interagir avec les chevaux. Prendre conscience des signaux non verbaux dans l\u2019instant. Savoir utiliser son intuition. Elever son empathie. Savoir coacher, accompagner avec douceur, d\u00e9termination et int\u00e9grit\u00e9 Objectifs de communication : D\u00e9crypter la communication non verbale : la v\u00f4tre, celle d\u2019une autre personne, celle du cheval. D\u00e9velopper la performance, la confiance en soi, l\u2019assurance dans ses comportements. (Se) recadrer par rapport aux v\u00e9ritables objectifs. Accompagner le processus de Prises de conscience. Objectifs de d\u00e9veloppement personnel : Apprendre \u00e0 vous conna\u00eetre, \u00e0 conna\u00eetre la nature humaine. D\u00e9couvrir vos v\u00e9ritables capacit\u00e9s et dons personnels. Utiliser votre potentiel et r\u00e9v\u00e9ler celui des autres. R\u00e9sultats de la formation : A la suite de ces 3 Modules, vous ne serez plus tout \u00e0 fait le (la) m\u00eame. Gr\u00e2ce aux \u00e9changes privil\u00e9gi\u00e9s v\u00e9cus avec le cheval et avec le coach, vous serez capable d\u2019exercer ce nouveau m\u00e9tier plein d\u2019avenir qu\u2019est l\u2019Equi-Coaching. Votre \u00catre ainsi que votre passion seront le centre de votre projet de Vie. A l\u2019issue de la formation : Vous aurez pris conscience de vos dimensions et valeurs fondamentales. Vous serez un Coach professionnel et averti, conscient, empathique avec vous et dans l\u2019accompagnement des autres. En tant que Coach : Vous aurez d\u00e9velopp\u00e9 l\u2019\u00e9coute, la confiance en vous et en vos capacit\u00e9s. Notamment vos capacit\u00e9s \u00e0 coacher, encourager, accompagner, g\u00e9rer les difficult\u00e9s ou \u00e9motions des autres, motiver. Vis-\u00e0-vis de vous-m\u00eame : Cette formation sera l\u2019occasion de d\u00e9couvrir votre fa\u00e7on d\u2019interagir avec les autres, Faire de vos peurs vos amies, d\u00e9passer un obstacle, se connecter \u00e0 vos ressentis et vos intuitions, exp\u00e9rimenter votre pouvoir personnel. O\u00f9 se passe la formation d\u2019Equicoaching ? La formation equi-coaching est disponible en : 24 (Dordogne) Les formations se d\u00e9roulent toujours dans un endroit o\u00f9 la s\u00e9curit\u00e9 des clients et des chevaux est respect\u00e9e. A savoir des centres \u00e9questres ou des fermes \u00e9questres ayant l\u2019\u00e9quipement n\u00e9cessaire. Combien co\u00fbte la formation en Equicoaching ? Je vous propose deux formules pour cette formation d\u2019equi-coaching : 3 modules de 5 jours 5 modules de 3 jours. Le tarif est de 2900\u20ac par module et par personne. Vous vous demandez encore si l\u2019equi-coaching est fait pour vous ? N\u2019h\u00e9sitez pas \u00e0 prendre contact pour que nous discutions de vos objectifs professionnels et personnels. Aussi, pour se former, l\u2019argent doit \u00eatre une motivation et non un frein. Si c\u2019est cela qui vous bloque, merci de me contacter pour que nous en discutions. Pour en savoir plus sur les formations en \u00e9qui-coaching, contactez Claude via le formulaire ci-dessous :\u00a0Fermes \u00e9questres ayant l\u2019\u00e9quipement n\u00e9cessaire. Veuillez activer JavaScript dans votre navigateur pour remplir ce formulaire.Veuillez activer JavaScript dans votre navigateur pour remplir ce formulaire. Nom * Pr\u00e9nomNom E-mail * message Envoyer<\/p>\n","protected":false},"author":1,"featured_media":0,"parent":0,"menu_order":0,"comment_status":"closed","ping_status":"closed","template":"page-templates\/template-pagebuilder-full-width.php","meta":{"neve_meta_sidebar":"","neve_meta_container":"","neve_meta_enable_content_width":"","neve_meta_content_width":0,"neve_meta_title_alignment":"","neve_meta_author_avatar":"","neve_post_elements_order":"","neve_meta_disable_header":"","neve_meta_disable_footer":"","neve_meta_disable_title":"","iawp_total_views":34,"footnotes":""},"class_list":["post-40","page","type-page","status-publish","hentry"],"rttpg_featured_image_url":null,"rttpg_author":{"display_name":"admin5290","author_link":"https:\/\/claudelheureux.com\/author\/admin5290\/"},"rttpg_comment":0,"rttpg_category":null,"rttpg_excerpt":"Pourquoi se former \u00e0 l\u2019Equicoaching ? Je propose une formation d\u2019equi-coaching afin de rendre cette pratique accessible \u00e0 tou.te.s. Tous les professionnels de la relation d\u2019aide peuvent en b\u00e9n\u00e9ficier pour faire \u00e9voluer leur pratique. Vous \u00eates d\u00e9j\u00e0 coach et vous souhaitez ajouter une nouvelle corde \u00e0 votre arc ? Vous voulez devenir coach et avoir\u2026","_links":{"self":[{"href":"https:\/\/claudelheureux.com\/index.php\/wp-json\/wp\/v2\/pages\/40","targetHints":{"allow":["GET"]}}],"collection":[{"href":"https:\/\/claudelheureux.com\/index.php\/wp-json\/wp\/v2\/pages"}],"about":[{"href":"https:\/\/claudelheureux.com\/index.php\/wp-json\/wp\/v2\/types\/page"}],"author":[{"embeddable":true,"href":"https:\/\/claudelheureux.com\/index.php\/wp-json\/wp\/v2\/users\/1"}],"replies":[{"embeddable":true,"href":"https:\/\/claudelheureux.com\/index.php\/wp-json\/wp\/v2\/comments?post=40"}],"version-history":[{"count":2,"href":"https:\/\/claudelheureux.com\/index.php\/wp-json\/wp\/v2\/pages\/40\/revisions"}],"predecessor-version":[{"id":1839,"href":"https:\/\/claudelheureux.com\/index.php\/wp-json\/wp\/v2\/pages\/40\/revisions\/1839"}],"wp:attachment":[{"href":"https:\/\/claudelheureux.com\/index.php\/wp-json\/wp\/v2\/media?parent=40"}],"curies":[{"name":"wp","href":"https:\/\/api.w.org\/{rel}","templated":true}]}}